{"id":493,"date":"2022-04-15T12:46:55","date_gmt":"2022-04-15T10:46:55","guid":{"rendered":"https:\/\/www.ordinaireextra.fr\/?page_id=493"},"modified":"2026-04-08T18:31:18","modified_gmt":"2026-04-08T16:31:18","slug":"agenda-spectacles","status":"publish","type":"page","link":"https:\/\/www.ordinaireextra.fr\/index.php\/agenda-spectacles\/","title":{"rendered":"Agenda spectacles"},"content":{"rendered":"<section class=\"wpb-content-wrapper\"><p>[vc_row][vc_column]<div id=\"iconbox-69f0b7c3bd9a7\" class=\"\"><div class=\"icon-link\"><div class=\"relative mb0 text-center\">\n\t\t\t\t\t\t\t<i  class=\"   inline-block mb16 ms-text icon-lg\"><\/i>\n\t\t\t\t\t\t\t<h5  class=\"widgettitle mb8\">Granita et le bazard des \u00e9motions<\/h5>\n\t\t\t\t\t\t\t<div  class=\"widgetsubtitle mb16\"><\/div>\n\t\t\t\t\t\t\t<div  class=\"icon-content\"><p><strong>2026<\/strong><\/p>\n<p>Samedi 14 F\u00e9vrier \u00e0 16h30 \u00e0 la salle des f\u00eates de Villeneuve Les Boulocs \/\u00a0 Saison culturelle de Villeneuve les Boulocs (31)<\/p>\n<p>Mercredi 18 F\u00e9vrier \u00e0 16h30 dans le cadre de la programmation Jeune public de la M\u00e9diath\u00e8que Esplanade des mots \u00e0 Pibrac (31)<\/p>\n<p>Samedi 18 Avril \u00e0 17 h\u00a0 \u00e0 la Salle des f\u00eates de Roum\u00e9goux \u2013 81120 Terre de Bancali\u00e9 le cadre de la programmation culturelle de l&rsquo;association A\u00cfci Sem Plan (81)<\/p>\n<p>Mercredi 22 Avril\u00a0 \u00e0 14h30 au Centre Culturel St Simon , 10 Chemin de Liffard \u00e0 Toulouse (31)<\/p>\n<p>Samedi 13 Juin dans le cadre de Festi&rsquo;familles \u00e0 Albi &#8211; Option (81)<\/p>\n<p>Vendredi 10 Juillet dans le cadre du centre social Les Barri\u00e8res- Option (81)<\/p>\n<p>Dimanche 12 Juillet Association de Lacaze &#8211; Horaire \u00e0 confirmer\u00a0 (81)<\/p>\n<p>Juillet Festival Les bords de Loire \u00e0 Roanne- Date et lieu \u00e0 confirmer (42)<\/p>\n<p>Jeudi 13 Ao\u00fbt \u00e0 19h 30 au Kiosque de la Source Rue du Casino \u00e0 Vichy dans le cadre des Jeudis de Vichy &#8211; Saison estivale de la ville de Vichy (03)<\/p>\n<p>Dimanche 2 Ao\u00fbt \u00e0 16 h Festival de Bonnac \/ Programmation Association Autruche Volante Bonnac-Irazein (09)<\/p>\n<p>Du Jeudi 6 au Dimanche 9 Ao\u00fbt\u00a0 \u00e0 Mirepoix Festival MIMA OFF (09)<\/p>\n<p>Samedi 5 Septembre Festival Saint Michel de l&rsquo;Art 11410 St Michel de Lanes &#8211; Option (11)<\/p>\n<p>Du 17 au 24 Octobre dans le cadre de Festi&rsquo;M\u00f4mes organis\u00e9 par la MJC Jacques Tati \u00e0 Orsay &#8211; Date et lieu \u00e0 confirmer (91)<\/p>\n<p>Le Samedi 28 Novembre\u00a0 \u00e0 15h30 au Centre Culturel J-B Calvignac , 24 Avenue Bouloc Torcatis\u00a0 \u00e0\u00a0 Carmaux dans le cadre de la saison culturelle de la ville de Carmaux &#8211; (81)<\/p>\n<p><strong>2025<\/strong><\/p>\n<p>Mercredi 29 Janvier 2025 \u00e0 16h Saison culturelle M\u00e9diath\u00e8que Castelsarrazin\u00a0 (82)<\/p>\n<p>Samedi 1ier F\u00e9vrier 2025 \u00e0 10h30 \u00e0 la salle des f\u00eates de Gabriac\u00a0 et Dimanche 2 F\u00e9vrier 2025 \u00e0 10h30 \u00e0 la Biblioth\u00e9que de Saint C\u00f4me d&rsquo;Olt dans le cadre du R\u00e9seau lecture de la Communaut\u00e9 de communes Comtal Lot et Truy\u00e8re (12)<\/p>\n<p>Du Mardi 25 F\u00e9vrier au Samedi 1ier Mars\u00a0 \u00e0 15h 30 tous les jours ( s\u00e9ance supl\u00e9mentaire le Mercredi 26 \u00e0 10h30) au Fil \u00e0 Plomb \u00e0 Toulouse (31)<\/p>\n<p>Samedi 8 Mars\u00a0 \u00e0 16h au Rond Point 1 place de l\u2019Europe \u00e0 LABRUGUIERE (81) dans le cadre de la saison culturelle de la\u00a0 MJC Labruguiere<\/p>\n<p>Mercredi 12 Mars \u00e0 15h\u00a0 \u00e0 la salle des f\u00eates Rue Aristide Briand \u00e0\u00a0 Saint Affrique (12) dans le cadre de la saison culturelle de la ville<\/p>\n<p>Mercredi 16 Avril 2025 \u00e0 15h\u00a0 Salle du DEMAL Mairie du Pont-de- Larn (81)<\/p>\n<p>Dimanche 18 Mai 2025 \u00e0 15h\u00a0 pour le\u00a0 Festival Jardin pour la terre \u00e0 Arlanc dans le cadre de la saison culturelle de la\u00a0 Communaut\u00e9 de\u00a0 communes du\u00a0 Livradois Forez (63)<\/p>\n<p>Jeudi 22 Mai \u00e0 10h30 et 14h30 & Vendredi 23 Mai \u00e0 11h S\u00e9ances pour les scolaires et Samedi 24 Mai \u00e0 11h S\u00e9ance Tout public\u00a0 \u00e0 l&rsquo;\u00e9cole de cirque La bo\u00eete \u00e0 malices de Montauban\u00a0 dans le cadre du\u00a0 Festival Monte au Banc (82)<\/p>\n<p>Du 24 au 26 Juillet 2025\u00a0 Au grand R&rsquo; Festival\u00a0 d&rsquo;\u00e9t\u00e9 du th\u00e9\u00e2tre du Grand Rond \u00e0 Toulouse (31) REPORT 2026<\/p>\n<p>Dimanche 3 Ao\u00fbt Programmation Autruche Volante Bonnac-Irazein (09) REPORT 2026<\/p>\n<p>Le Mardi 26 Ao\u00fbt 2025 \u00e0 9h30 et 11h au Chapiteau Coup de pouces ( Pr\u00e9 aux vaches &#8211; Pastille 18) dans le cadre du festival Au bonheur des M\u00f4mes\u00a0 au\u00a0 Grand Bornand (74)<\/p>\n<p>Dimanche 28 Septembre\u00a0 \u00e0 17h \u00e0 l&rsquo;espace vert des Ramiers de Lacroix-Falgarde dans le cadre de La F\u00eates des Confluences de\u00a0 la R\u00e9serve Naturelle R\u00e9gionale Confluence Garonne Ari\u00e8ge (31)<\/p>\n<p>Mercredi 8 Octobre \u00e0 15h au Krill Caf\u00e9 culturel\u00a0 25 Place des artistes \u00e0 Onet-le-ch\u00e2teau (12) dans le cadre de la programmation culturelle de la m\u00e9diath\u00e8que Paul G\u00e9raldini<\/p>\n<p>Jeudi 23 Octobre 2025 \u00e0 16h au Th\u00e9\u00e2tre Jean Pierre CASSEL dans le cadre du festival\u00a0 Festival Imagi &lsquo;M\u00f4mes au Grau du Roi (30)<\/p>\n<p>Le Samedi 15 Novembre 2025 \u00e0 11h\u00a0 \u00e0 la M\u00e9diath\u00e9que l&rsquo;AlphaB Place de la Mairie 31180 Castelmaurou dans le cadre de la programmation culturelle de la ville (31)<\/p>\n<p>Le Samedi 29 Novembre 2025 \u00e0 17h45 \u00e0 la Maison du Grand Fauconnier , 39 Rue Raimond VII \u00e0 Cordes sur Ciel (81170 ) dans le cadre du Salon du livre Jeunesse & de la petite \u00e9dition<\/p>\n<p>Le Dimanche 30 Novembre\u00a0 2025 \u00e0 16h au P\u00f4le Ain\u00e9s Ruraux Lislois Rue des Promenades 81310 Lisle-sur-Tarn\u00a0 dans le cadre de la saison\u00a0 L\u00e9zards de Lisle<\/p>\n<p>Le Samedi 13 D\u00e9cembre 2025 \u00e0 14h et 16h45\u00a0 pour le No\u00ebl du CNES , 18 Avenue Edouard Belin \u00e0\u00a0 Toulouse (31)<\/p>\n<p>Le Mercredi 17 D\u00e9cembre \u00e0 Tournay avec l&rsquo;Asso ISEI (65) Option<\/p>\n<p>Le Vendredi 19 D\u00e9cembre 2025 \u00e0 10h30 \u00e0 la salle des f\u00eates de St Paul Cap de Joux pour le No\u00eal de l&rsquo;\u00e9cole organis\u00e9 par l&rsquo;APE St Paul Cap de Tout (81)<\/p>\n<p><strong>2024<\/strong><\/p>\n<p>Jeudi 18 Janvier\u00a0 \u00e0 10h45 et 14h30 Salle Jacques Brel \u00e0 Montastruc la conseill\u00e8re<\/p>\n<p>Du Lundi 29 Avril au Vendredi 3 Mai R\u00e9sidence cr\u00e9ation lumi\u00e8re Maison du peuple \u00e0 Millau (12)<\/p>\n<p>Vendredi 24 Mai\u00a0 \u00e0 18h Salle des ain\u00e9s\u00a0 Capdenac Gare (12)<\/p>\n<p>Dimanche 26 mai\u00a0 \u00e0 16h30 \u00e0 l&rsquo;Ecrin\u00a0 \u00e0 Salvagnac (81)<\/p>\n<p>Mercredi 3 juillet\u00a0 \u00e0 15h30 \u00e0 la m\u00e9diath\u00e8que de Saint Etienne de Tulmont dans le cadre du r\u00e9seau des m\u00e9diath\u00e8ques Communaut\u00e9 de communes Quercy Aveyron (82)<\/p>\n<p>Samedi 6 juillet \u00e0 18h Place Jourdain \u00e0\u00a0 Graulhet\u00a0 pour le Festival \u00ab\u00a0Rue d&rsquo;\u00e9t\u00e9\u00a0\u00bb (81)<\/p>\n<p>Mardi 9 Juillet\u00a0 \u00e0 18h Espace loisirs Les Etangs pour les BIPA de Sa\u00eex (81)<\/p>\n<p>Mercredi 21 Ao\u00fbt \u00e0 18h Saison estivale de Montredon (12)<\/p>\n<p>Dimanche 25\u00a0 Ao\u00fbt\u00a0 \u00e0 10h aux Halles pour le\u00a0 Festival Aniane en Sc\u00e8ne (34)<\/p>\n<p>Vendredi 6 Septembre\u00a0 \u00e0 16h \u00e0 l&rsquo;Institut National Sup\u00e9rieur du Professorat et de l&rsquo;Education\u00a0 \u00e0 Albi (81)<\/p>\n<p>Mercredi 23 Octobre\u00a0 pour l&rsquo;Association culturelle de\u00a0 Beaumont de Lomagne (82) \u00e0 15h Salle des f\u00eates Place Jean Moulin<\/p>\n<p>Mercredi 4 D\u00e9cembre pour le Centre social du Pays Segali (12) \u00e0 10h et 15h Salle des f\u00eates de Carcenac Peyrales<\/p>\n<p>Vendredi 6 D\u00e9cembre \u00e0 18h30 pour l&rsquo;APE de l&rsquo;\u00e9cole Buissonni\u00e8re \u00a0 \u00e0 la salle des f\u00eates de Saint Lieux les Lavaurs (81)<\/p>\n<p>Samedi 14 D\u00e9cembre\u00a0 pour le\u00a0 No\u00ebl du CE des cheminots de Montauban\u00a0 \u00e0 15h \u00e0 la salle des f\u00eates de Falgui\u00e8res \u00e0 Montauban\u00a0 (82)<\/p>\n<p>Dimanche 15 D\u00e9cembre \u00e0 14h pour le No\u00ebl de l&rsquo;INRA Chemin de Borde Rouge \u00e0 Auzeville Tolosanne (31)<\/p>\n<p><strong>2023<\/strong><\/p>\n<p>Le 7 Janvier 2023 \u00e0 16h30 \u00e0 Mas Razal (12)<\/p>\n<p>Le 5 F\u00e9vrier 2023 \u00e0 15h \u00e0 Tr\u00e9ves\u00a0 (30750) pour la f\u00eate du Petassou<\/p>\n<p>Le 22 F\u00e9vrier 2023 \u00e0 15h30 au Caf\u00e9 Pl\u00f9m \u00e0 Lautrec (81)<\/p>\n<p>Le 18 Mars 2023 \u00e0 17h \u00e0 Vic-Fezensac (Gers)<\/p>\n<p>Du 20 au 25 Mars 2023 r\u00e9sidence au Th\u00e9\u00e2tre de Colombier \u00e0 Corde sur Ciel<\/p>\n<p>Sortie de r\u00e9sidence le 26 mars \u00e0 17h<\/p>\n<p>Le 24 Avril 2023 \u00e0 10h et 14h30 \u00e0 la MJC de Lagarrigue (81)<\/p>\n<p>Le 14 Mai 2023 \u00e0 11h et 15h30\u00a0 Festi Bout\u2019 Chou \u00e0 Pechbonnieu (31)<\/p>\n<p>Le 25 Juin 2023 \u00e0 16h30 au Scenophage \u00e0 Gaillac (81)<\/p>\n<p>Le 8 et 9 Juillet 2023\u00a0 \u00e0 15h50 et 18 h\u00a0 Festival du 48 \u00e8me de rue \u00e0 Mende (48)<\/p>\n<p>Le 19 Juillet 2023 \u00e0 18h Cour du Clo\u00eetre \u00e0 Saint Geniez d&rsquo;Olt (12)<\/p>\n<p>Le 22 Juillet 2023 \u00e0 13h30 et 18h Festival CAP MOMES\u00a0 \u00e0 Espalion (12)<\/p>\n<p>Le 23 Septembre 2023 Festival\u00a0 Les petites cailloux \u00e0 Albi \u00e0 10h40 et 13h<\/p>\n<p>Le 1 octobre 2023 \u00e0 10h30 Festival \u00ab\u00a0Le cri du Hibou\u00a0\u00bb\u00a0 Salle Colo&Co \u00e0 Castelnau-de-Montmiral\u00a0 (81140 )<\/p>\n<p>Le Samedi 7 Octobre 2023 \u00e0 17h au Centre Social du territoire de Mauriac (15200)<\/p>\n<p>Le Vendredi 20 octobre \u00e0 10h et 14h45 (Scolaire) et le Samedi 21 Octobre \u00e0 16h30 (Grand public) \u00e0 la MJC de Pamiers (09)<\/p>\n<p>Le 24 octobre 2023 \u00e0 15h Centre Culturel de Quartier Reynerie (31) Toulouse<\/p>\n<p>Le Mardi 12 D\u00e9cembre \u00e0 10h30 Spectacle pour No\u00ebl\u00a0 Ecole d&rsquo;Azas (31380)<\/p>\n<p>Le dimanche 17 d\u00e9cembre \u00e0 15h00\u00a0 Salle de Guerdavid 81800 COUFFOULEUX<\/p>\n<p>Jeudi et Vendredi 22 D\u00e9cembre \u00e0 9h15, 11h et 14h30 Salle Ren\u00e9 CASSIN Place Jean Jaur\u00e9s 81370 SAINT SULPICE LA POINTE<\/p>\n<div><\/div>\n<p>\n<\/div> \n\t\t\t\t\t\t<\/div><\/div><\/div><div id=\"iconbox-69f0b7c3bda68\" class=\"\"><div class=\"icon-link\"><div class=\"relative mb0 text-center\">\n\t\t\t\t\t\t\t<i  class=\"   inline-block mb16 ms-text icon-lg\"><\/i>\n\t\t\t\t\t\t\t<h5  class=\"widgettitle mb0\"><\/h5>\n\t\t\t\t\t\t\t<div  class=\"widgetsubtitle mb16\">2022<\/div>\n\t\t\t\t\t\t\t<div  class=\"icon-content\"><p>Le 4 juin 2022 \u00e0 Salvagnac<\/p>\n<p>th\u00e9\u00e2tre de l\u2019\u00c9crin\u00a0 dans le cadre du festival \u00ab\u00a0le printemps ce rue \u00e0 Salva\u00a0\u00bb<\/p>\n<p>Le 25 juin 2022 \u00e0 18h30 dans le cadre du festival de l&rsquo;\u00e9cole dans la salle des f\u00eates de l&rsquo;Hospitalet<\/p>\n<p>Le 6 juillet 2022 \u00e0 15h30 \u00e0 la MJC 81600 Gaillac<\/p>\n<p>Le 13 juillet 2022 \u00e0 19h dans le cadre de quartier d&rsquo;\u00e9t\u00e9 sur le quartier Catalanis 81600 Gaillac<\/p>\n<p>Le 30 juillet 2022 festival de l\u2019itin\u00e9rance 81630 St Juery<\/p>\n<p>Le 7 aout 2022 \u00e0 20h30 dans le cadre de la saison culturelle 48120 St Albain sur Limagnole<\/p>\n<p>Le 1 octobre 2022 \u00e0 17h \u00e0 fest&rsquo;Agora, Laveur 81<\/p>\n<p>Le 24 novembre 2022 \u00e0\u00a0 14h30 \u00e0 La Maison d\u2019artistes \u2018\u2019Antonin Artaud\u2019\u2019, situ\u00e9e \u00e0 2 Impasse<br \/>\nToulouse Lautrec \u00e0 Gaillac (81)<\/p>\n<p>Le <span class=\"JsGRdQ\">4 d\u00e9cembre 2022 \u00e0 11h et 15h30 au ch\u00e2teau de Bruniquel (82)<\/span><\/p>\n<p><span class=\"JsGRdQ\">Le 7 d\u00e9cembre 2022 \u00e0 17h \u00e0 \u00ab\u00a0La laiterie\u00a0\u00bb<\/span> <span class=\"JsGRdQ\">\u00e0 St Juery (81)<\/span><\/p>\n<p><span class=\"JsGRdQ\">Le 10 d\u00e9cembre 2022 \u00e0 17h \u00e0 la <\/span><span class=\"JsGRdQ\">Salle des f\u00eates de Saint Caprais &#8211; Le Salvetat <\/span><span class=\"JsGRdQ\">Belmontet (82)<\/span><\/p>\n<\/div> \n\t\t\t\t\t\t<\/div><\/div><\/div>[\/vc_column][\/vc_row][vc_row][vc_column]<div id=\"iconbox-69f0b7c3bda95\" class=\"\"><div class=\"icon-link\"><div class=\"relative mb0 text-center\">\n\t\t\t\t\t\t\t<i  class=\"   inline-block mb16 ms-text icon-lg\"><\/i>\n\t\t\t\t\t\t\t<h5  class=\"widgettitle mb8\">``C'EST`` Journ\u00e9e porte ouverte multisensorielle<\/h5>\n\t\t\t\t\t\t\t<div  class=\"widgetsubtitle mb16\"><\/div>\n\t\t\t\t\t\t\t<div  class=\"icon-content\"><p>Spectacle Amateur avec le \u00ab\u00a0Cycle long\u00a0\u00bb<\/p>\n<p>14 aout d\u00e9ambulation clown pour le vide grenier dans le ville de Vabre Tarn<\/p>\n<p>26 avril 2024 \u00e0 20h45 Scenophage Gaillac<\/p>\n<p>18 novembre 2023 le cabaret spectacle \u00ab C\u2019est \u00bb \u00e0 la \u00ab Laiterie \u00bb \u00e0 St Juery 81 \u00e0 19h30<\/p>\n<p>9 et 10 juin 2023 \u00e0 18h00 \u00e0 la salle de \u00ab L\u2019\u00e9crin \u00bb \u00e0 Salvagnac<\/p>\n<p>&nbsp;<\/p>\n<p>\n<\/div> \n\t\t\t\t\t\t<\/div><\/div><\/div>[\/vc_column][\/vc_row]<\/p>\n<\/section>","protected":false},"excerpt":{"rendered":"<p>[vc_row][vc_column][\/vc_column][\/vc_row][vc_row][vc_column][\/vc_column][\/vc_row]<\/p>\n","protected":false},"author":3,"featured_media":0,"parent":0,"menu_order":0,"comment_status":"closed","ping_status":"closed","template":"","meta":{"footnotes":""},"class_list":["post-493","page","type-page","status-publish","hentry"],"yoast_head":"<!-- This site is optimized with the Yoast SEO plugin v27.2 - https:\/\/yoast.com\/product\/yoast-seo-wordpress\/ -->\n<title>Agenda spectacles - Ordinaire extra<\/title>\n<meta name=\"robots\" content=\"index, follow, max-snippet:-1, max-image-preview:large, max-video-preview:-1\" \/>\n<link rel=\"canonical\" href=\"https:\/\/www.ordinaireextra.fr\/index.php\/agenda-spectacles\/\" \/>\n<meta property=\"og:locale\" content=\"fr_FR\" \/>\n<meta property=\"og:type\" content=\"article\" \/>\n<meta property=\"og:title\" content=\"Agenda spectacles - Ordinaire extra\" \/>\n<meta property=\"og:description\" content=\"[vc_row][vc_column][\/vc_column][\/vc_row][vc_row][vc_column][\/vc_column][\/vc_row]\" \/>\n<meta property=\"og:url\" content=\"https:\/\/www.ordinaireextra.fr\/index.php\/agenda-spectacles\/\" \/>\n<meta property=\"og:site_name\" content=\"Ordinaire extra\" \/>\n<meta property=\"article:modified_time\" content=\"2026-04-08T16:31:18+00:00\" \/>\n<meta name=\"twitter:card\" content=\"summary_large_image\" \/>\n<meta name=\"twitter:label1\" content=\"Dur\u00e9e de lecture estim\u00e9e\" \/>\n\t<meta name=\"twitter:data1\" content=\"9 minutes\" \/>\n<script type=\"application\/ld+json\" class=\"yoast-schema-graph\">{\"@context\":\"https:\/\/schema.org\",\"@graph\":[{\"@type\":\"WebPage\",\"@id\":\"https:\/\/www.ordinaireextra.fr\/index.php\/agenda-spectacles\/\",\"url\":\"https:\/\/www.ordinaireextra.fr\/index.php\/agenda-spectacles\/\",\"name\":\"Agenda spectacles - Ordinaire extra\",\"isPartOf\":{\"@id\":\"https:\/\/www.ordinaireextra.fr\/#website\"},\"datePublished\":\"2022-04-15T10:46:55+00:00\",\"dateModified\":\"2026-04-08T16:31:18+00:00\",\"breadcrumb\":{\"@id\":\"https:\/\/www.ordinaireextra.fr\/index.php\/agenda-spectacles\/#breadcrumb\"},\"inLanguage\":\"fr-FR\",\"potentialAction\":[{\"@type\":\"ReadAction\",\"target\":[\"https:\/\/www.ordinaireextra.fr\/index.php\/agenda-spectacles\/\"]}]},{\"@type\":\"BreadcrumbList\",\"@id\":\"https:\/\/www.ordinaireextra.fr\/index.php\/agenda-spectacles\/#breadcrumb\",\"itemListElement\":[{\"@type\":\"ListItem\",\"position\":1,\"name\":\"Accueil\",\"item\":\"https:\/\/www.ordinaireextra.fr\/\"},{\"@type\":\"ListItem\",\"position\":2,\"name\":\"Agenda spectacles\"}]},{\"@type\":\"WebSite\",\"@id\":\"https:\/\/www.ordinaireextra.fr\/#website\",\"url\":\"https:\/\/www.ordinaireextra.fr\/\",\"name\":\"Ordinaire extra\",\"description\":\"Quand l&#039;ordinaire devient extra !\",\"potentialAction\":[{\"@type\":\"SearchAction\",\"target\":{\"@type\":\"EntryPoint\",\"urlTemplate\":\"https:\/\/www.ordinaireextra.fr\/?s={search_term_string}\"},\"query-input\":{\"@type\":\"PropertyValueSpecification\",\"valueRequired\":true,\"valueName\":\"search_term_string\"}}],\"inLanguage\":\"fr-FR\"}]}<\/script>\n<!-- \/ Yoast SEO plugin. -->","yoast_head_json":{"title":"Agenda spectacles - Ordinaire extra","robots":{"index":"index","follow":"follow","max-snippet":"max-snippet:-1","max-image-preview":"max-image-preview:large","max-video-preview":"max-video-preview:-1"},"canonical":"https:\/\/www.ordinaireextra.fr\/index.php\/agenda-spectacles\/","og_locale":"fr_FR","og_type":"article","og_title":"Agenda spectacles - Ordinaire extra","og_description":"[vc_row][vc_column][\/vc_column][\/vc_row][vc_row][vc_column][\/vc_column][\/vc_row]","og_url":"https:\/\/www.ordinaireextra.fr\/index.php\/agenda-spectacles\/","og_site_name":"Ordinaire extra","article_modified_time":"2026-04-08T16:31:18+00:00","twitter_card":"summary_large_image","twitter_misc":{"Dur\u00e9e de lecture estim\u00e9e":"9 minutes"},"schema":{"@context":"https:\/\/schema.org","@graph":[{"@type":"WebPage","@id":"https:\/\/www.ordinaireextra.fr\/index.php\/agenda-spectacles\/","url":"https:\/\/www.ordinaireextra.fr\/index.php\/agenda-spectacles\/","name":"Agenda spectacles - Ordinaire extra","isPartOf":{"@id":"https:\/\/www.ordinaireextra.fr\/#website"},"datePublished":"2022-04-15T10:46:55+00:00","dateModified":"2026-04-08T16:31:18+00:00","breadcrumb":{"@id":"https:\/\/www.ordinaireextra.fr\/index.php\/agenda-spectacles\/#breadcrumb"},"inLanguage":"fr-FR","potentialAction":[{"@type":"ReadAction","target":["https:\/\/www.ordinaireextra.fr\/index.php\/agenda-spectacles\/"]}]},{"@type":"BreadcrumbList","@id":"https:\/\/www.ordinaireextra.fr\/index.php\/agenda-spectacles\/#breadcrumb","itemListElement":[{"@type":"ListItem","position":1,"name":"Accueil","item":"https:\/\/www.ordinaireextra.fr\/"},{"@type":"ListItem","position":2,"name":"Agenda spectacles"}]},{"@type":"WebSite","@id":"https:\/\/www.ordinaireextra.fr\/#website","url":"https:\/\/www.ordinaireextra.fr\/","name":"Ordinaire extra","description":"Quand l&#039;ordinaire devient extra !","potentialAction":[{"@type":"SearchAction","target":{"@type":"EntryPoint","urlTemplate":"https:\/\/www.ordinaireextra.fr\/?s={search_term_string}"},"query-input":{"@type":"PropertyValueSpecification","valueRequired":true,"valueName":"search_term_string"}}],"inLanguage":"fr-FR"}]}},"_links":{"self":[{"href":"https:\/\/www.ordinaireextra.fr\/index.php\/wp-json\/wp\/v2\/pages\/493","targetHints":{"allow":["GET"]}}],"collection":[{"href":"https:\/\/www.ordinaireextra.fr\/index.php\/wp-json\/wp\/v2\/pages"}],"about":[{"href":"https:\/\/www.ordinaireextra.fr\/index.php\/wp-json\/wp\/v2\/types\/page"}],"author":[{"embeddable":true,"href":"https:\/\/www.ordinaireextra.fr\/index.php\/wp-json\/wp\/v2\/users\/3"}],"replies":[{"embeddable":true,"href":"https:\/\/www.ordinaireextra.fr\/index.php\/wp-json\/wp\/v2\/comments?post=493"}],"version-history":[{"count":110,"href":"https:\/\/www.ordinaireextra.fr\/index.php\/wp-json\/wp\/v2\/pages\/493\/revisions"}],"predecessor-version":[{"id":877,"href":"https:\/\/www.ordinaireextra.fr\/index.php\/wp-json\/wp\/v2\/pages\/493\/revisions\/877"}],"wp:attachment":[{"href":"https:\/\/www.ordinaireextra.fr\/index.php\/wp-json\/wp\/v2\/media?parent=493"}],"curies":[{"name":"wp","href":"https:\/\/api.w.org\/{rel}","templated":true}]}}